{"id":2292,"date":"2021-11-23T15:02:05","date_gmt":"2021-11-23T14:02:05","guid":{"rendered":"https:\/\/archaeoregion.at\/?page_id=2292"},"modified":"2025-07-16T14:17:19","modified_gmt":"2025-07-16T12:17:19","slug":"latest-news","status":"publish","type":"page","link":"https:\/\/archaeoregion.at\/en\/latest-news\/","title":{"rendered":"Latest news"},"content":{"rendered":"<div class=\"su-heading su-heading-style-default su-heading-align-center\" id=\"\" style=\"font-size:20px;margin-bottom:30px\"><div class=\"su-heading-inner\">Die S\u00fcdweststeiermark im NS-Regime<br \/>\n<strong>Geschichte. Orte. Erinnerung.<\/strong><\/div><\/div>\n<h5 style=\"text-align: center;\">Die in der S\u00fcdweststeiermark t\u00e4tigen arch\u00e4ologischen Initiativen und\u00a0Einrichtungen haben sich 2019 zur \u201eArchaeoRegion S\u00fcdweststeiermark\u201c zusammengeschlossen und pr\u00e4sentieren sich und die wichtigsten arch\u00e4ologischen Fundstellen gemeinsam. Seit 2022 besch\u00e4ftigt sich die Region zus\u00e4tzlich mit der Aufarbeitung des Nationalsozialismus in der S\u00fcdweststeiermark. Unterst\u00fctzt wurde die Region dabei vom Ludwig Boltzmann Institut f\u00fcr Kriegsfolgenforschung und dem Institut f\u00fcr Geschichte der Universit\u00e4t Graz.<\/h5>\n<p style=\"text-align: center;\"><strong>Der Krieg in der eigenen Region:<\/strong> Auch Generationen nach dem bisher schlimmsten Verbrechen der Neuzeit ist das Thema Nationalsozialismus in der Bev\u00f6lkerung \u00d6sterreichs noch nicht vollst\u00e4ndig aufgearbeitet, wird zum Teil missverstanden und tabuisiert. Um einen aktiven Schritt in Richtung offene Erinnerungskultur zu starten, wurde im Zuge der Studie \u201eDie S\u00fcdweststeiermark im NS-Regime\u201c, durchgef\u00fchrt hauptverantwortlich vom Ludwig Boltzmann Institut f\u00fcr Kriegsfolgenforschung und dem Institut f\u00fcr Geschichte der Universit\u00e4t Graz, nach Orten in der S\u00fcdweststeiermark geforscht, die w\u00e4hrend der NS-Zeit Bedeutung hatten oder damit in Verbindung standen. Denn der Krieg war nicht nur wo anders, er fand auch vor unseren Haust\u00fcren statt. Diese Faltkarte soll in einem Kurzabriss die Bedeutung ausgew\u00e4hlter Orte und die Vielf\u00e4ltigkeit der Auspr\u00e4gung der damaligen Geschehnisse verdeutlichen.<\/p>\n<span class=\"su-lightbox\" data-mfp-src=\"https:\/\/archaeoregion.at\/wp-content\/uploads\/2024\/01\/Folder_Archaeoregion-Suedweststmk-NS-Zeit_2023.png\" data-mfp-type=\"image\" data-mobile=\"yes\"><img loading=\"lazy\" decoding=\"async\" class=\"wp-image-2500 size-medium aligncenter\" src=\"https:\/\/archaeoregion.at\/wp-content\/uploads\/2024\/01\/Folder_Archaeoregion-Suedweststmk-NS-Zeit_2023-413x600.png\" alt=\"\" width=\"413\" height=\"600\" srcset=\"https:\/\/archaeoregion.at\/wp-content\/uploads\/2024\/01\/Folder_Archaeoregion-Suedweststmk-NS-Zeit_2023-413x600.png 413w, https:\/\/archaeoregion.at\/wp-content\/uploads\/2024\/01\/Folder_Archaeoregion-Suedweststmk-NS-Zeit_2023-705x1024.png 705w, https:\/\/archaeoregion.at\/wp-content\/uploads\/2024\/01\/Folder_Archaeoregion-Suedweststmk-NS-Zeit_2023-768x1115.png 768w, https:\/\/archaeoregion.at\/wp-content\/uploads\/2024\/01\/Folder_Archaeoregion-Suedweststmk-NS-Zeit_2023.png 827w\" sizes=\"auto, (max-width: 413px) 100vw, 413px\" \/><\/span><div class=\"su-spacer\" style=\"height:30px\"><\/div>\n<div class=\"su-button-center\"><a href=\"https:\/\/archaeoregion.at\/wp-content\/uploads\/2024\/01\/Folder_Archaeoregion-Suedweststmk-NS-Zeit_2023-Ansicht.pdf\" class=\"su-button su-button-style-default\" style=\"color:#FFFFFF;background-color:#787d5d;border-color:#60644b;border-radius:10px\" target=\"_blank\" rel=\"noopener noreferrer\" download=\"https:\/\/archaeoregion.at\/wp-content\/uploads\/2024\/01\/Folder_Archaeoregion-Suedweststmk-NS-Zeit_2023-Ansicht.pdf\"><span style=\"color:#FFFFFF;padding:9px 28px;font-size:21px;line-height:32px;border-color:#a1a48e;border-radius:10px;text-shadow:px 0px 0px #000000\"><i class=\"sui sui-cloud-download\" style=\"font-size:21px;color:#FFFFFF\"><\/i> Download Folder<small style=\"padding-bottom:9px;color:#FFFFFF\">Die S\u00fcdweststeiermark im NS-Regime<\/small><\/span><\/a><\/div><div class=\"su-spacer\" style=\"height:30px\"><\/div>\n<p style=\"text-align: center;\"><div class=\"su-heading su-heading-style-default su-heading-align-center\" id=\"\" style=\"font-size:60px;margin-bottom:40px\"><div class=\"su-heading-inner\">Archiv<\/div><\/div>\n<span class=\"su-lightbox\" data-mfp-src=\"https:\/\/archaeoregion.at\/wp-content\/uploads\/2025\/04\/Fest-ArchaeoRegion2025.jpg\" data-mfp-type=\"image\" data-mobile=\"yes\"><img loading=\"lazy\" decoding=\"async\" class=\"wp-image-2745 size-medium aligncenter\" src=\"https:\/\/archaeoregion.at\/wp-content\/uploads\/2025\/04\/Fest-ArchaeoRegion2025-426x600.jpg\" alt=\"\" width=\"426\" height=\"600\" srcset=\"https:\/\/archaeoregion.at\/wp-content\/uploads\/2025\/04\/Fest-ArchaeoRegion2025-426x600.jpg 426w, https:\/\/archaeoregion.at\/wp-content\/uploads\/2025\/04\/Fest-ArchaeoRegion2025-728x1024.jpg 728w, https:\/\/archaeoregion.at\/wp-content\/uploads\/2025\/04\/Fest-ArchaeoRegion2025-768x1081.jpg 768w, https:\/\/archaeoregion.at\/wp-content\/uploads\/2025\/04\/Fest-ArchaeoRegion2025-1091x1536.jpg 1091w, https:\/\/archaeoregion.at\/wp-content\/uploads\/2025\/04\/Fest-ArchaeoRegion2025.jpg 1100w\" sizes=\"auto, (max-width: 426px) 100vw, 426px\" \/><\/span><div class=\"su-spacer\" style=\"height:20px\"><\/div><div class=\"su-button-center\"><a href=\"https:\/\/archaeoregion.at\/wp-content\/uploads\/2025\/05\/Fest-ArchaeoRegion_Programmheft.pdf\" class=\"su-button su-button-style-default\" style=\"color:#FFFFFF;background-color:#787d5d;border-color:#60644b;border-radius:10px\" target=\"_blank\" rel=\"noopener noreferrer\" download=\"https:\/\/archaeoregion.at\/wp-content\/uploads\/2025\/05\/Fest-ArchaeoRegion_Programmheft.pdf\"><span style=\"color:#FFFFFF;padding:9px 28px;font-size:21px;line-height:32px;border-color:#a1a48e;border-radius:10px;text-shadow:px 0px 0px #000000\"><i class=\"sui sui-cloud-download\" style=\"font-size:21px;color:#FFFFFF\"><\/i> Download<small style=\"padding-bottom:9px;color:#FFFFFF\">Programmheft \u2013 Fest der ArchaeoRegion S\u00fcdweststeiermark<\/small><\/span><\/a><\/div><div class=\"su-spacer\" style=\"height:30px\"><\/div>\n<div class=\"su-heading su-heading-style-default su-heading-align-center\" id=\"\" style=\"font-size:20px;margin-bottom:30px\"><div class=\"su-heading-inner\">\n<strong>Vortragsreihe: Die S\u00fcdweststeiermark im NS-Regime 2025<\/strong><\/div><\/div>\n<span class=\"su-lightbox\" data-mfp-src=\"https:\/\/archaeoregion.at\/wp-content\/uploads\/2025\/04\/Vortragsreihe-04-06-202.jpg\" data-mfp-type=\"image\" data-mobile=\"yes\"><img loading=\"lazy\" decoding=\"async\" class=\"alignnone wp-image-2737\" src=\"https:\/\/archaeoregion.at\/wp-content\/uploads\/2025\/04\/Vortragsreihe-04-06-202.jpg\" alt=\"\" width=\"800\" height=\"564\" srcset=\"https:\/\/archaeoregion.at\/wp-content\/uploads\/2025\/04\/Vortragsreihe-04-06-202.jpg 1200w, https:\/\/archaeoregion.at\/wp-content\/uploads\/2025\/04\/Vortragsreihe-04-06-202-600x423.jpg 600w, https:\/\/archaeoregion.at\/wp-content\/uploads\/2025\/04\/Vortragsreihe-04-06-202-1024x722.jpg 1024w, https:\/\/archaeoregion.at\/wp-content\/uploads\/2025\/04\/Vortragsreihe-04-06-202-768x541.jpg 768w\" sizes=\"auto, (max-width: 800px) 100vw, 800px\" \/><\/span>\n<h3>Anmeldungen unter:<\/h3>\n<p><a href=\"https:\/\/forms.office.com\/e\/1M1Xrt48Ds\" target=\"_blank\" rel=\"noopener\">https:\/\/forms.office.com\/e\/1M1Xrt48Ds<\/a> oder telefonisch unter <a href=\"tel:+436766603251\">+43 676 660 32 51<\/a><\/p>\n<div class=\"su-button-center\"><a href=\"https:\/\/archaeoregion.at\/wp-content\/uploads\/2025\/04\/Vortragsreihe_Die_Suedweststeiermark_im_NS-Regime.pdf\" class=\"su-button su-button-style-default\" style=\"color:#FFFFFF;background-color:#787d5d;border-color:#60644b;border-radius:10px\" target=\"_blank\" rel=\"noopener noreferrer\" download=\"https:\/\/archaeoregion.at\/wp-content\/uploads\/2025\/04\/Vortragsreihe_Die_Suedweststeiermark_im_NS-Regime.pdf\"><span style=\"color:#FFFFFF;padding:9px 28px;font-size:21px;line-height:32px;border-color:#a1a48e;border-radius:10px;text-shadow:px 0px 0px #000000\"><i class=\"sui sui-cloud-download\" style=\"font-size:21px;color:#FFFFFF\"><\/i> Alle Infos herunterladen<small style=\"padding-bottom:9px;color:#FFFFFF\">Vortragsreihe: Die S\u00fcdweststeiermark im NS-Regime<\/small><\/span><\/a><\/div><div class=\"su-spacer\" style=\"height:30px\"><\/div>\n<p>&nbsp;<\/p>\n<div class=\"su-heading su-heading-style-default su-heading-align-center\" id=\"\" style=\"font-size:20px;margin-bottom:30px\"><div class=\"su-heading-inner\">Einladung zur Ausstellungser\u00f6ffnung \u201eDie geformte Welt\u201c<br \/>\n<strong>am Donnerstag, 18. April 2024, 19 Uhr <\/strong><\/div><\/div>\n<h5>Ausstellungslaufzeit<br \/>\n19.04. \u2014 31.10.2024<\/h5>\n<p><strong>Die Arch\u00e4ologie der ArchaeoRegion S\u00fcdweststeiermark<\/strong><br \/>\nZeugnisse der jahrtausendealten Wechselwirkung von Natur und Mensch sind bis in die Gegenwart in Form des arch\u00e4ologischen Erbes zu finden. Dabei zeichnet sich die S\u00fcdweststeiermark durch<br \/>\neinen besonderen Reichtum an arch\u00e4ologischen Fundst\u00e4tten von der Steinzeit bis in die j\u00fcngste Vergangenheit aus. Die dort t\u00e4tigen arch\u00e4ologischen Initiativen und Einrichtungen haben sich 2019<br \/>\nzur ArchaeoRegion S\u00fcdweststeiermark zusammengeschlossen.<br \/>\nIn dieser Ausstellung pr\u00e4sentiert sich die ArchaeoRegion S\u00fcdweststeiermark in Kooperation mit dem Arch\u00e4ologiemuseum des Universalmuseums Joanneum, das der Region seit mehr als 100 Jahren eng verbunden ist.<\/p>\n<p><strong>Weitere Infos zur Ausstellung:<\/strong> <a href=\"https:\/\/www.museum-joanneum.at\/archaeologiemuseum-schloss-eggenberg\/unser-programm\/ausstellungen\/event\/die-geformte-welt\" target=\"_blank\" rel=\"noopener\">https:\/\/www.museum-joanneum.at<\/a><\/p>\n<span class=\"su-lightbox\" data-mfp-src=\"https:\/\/archaeoregion.at\/wp-content\/uploads\/2024\/04\/Einladung-Sonderausstellung_Die-geformte-Welt-1.jpg\" data-mfp-type=\"image\" data-mobile=\"yes\"><img loading=\"lazy\" decoding=\"async\" class=\"wp-image-2536 size-medium aligncenter\" src=\"https:\/\/archaeoregion.at\/wp-content\/uploads\/2024\/04\/Einladung-Sonderausstellung_Die-geformte-Welt-1-423x600.jpg\" alt=\"\" width=\"423\" height=\"600\" srcset=\"https:\/\/archaeoregion.at\/wp-content\/uploads\/2024\/04\/Einladung-Sonderausstellung_Die-geformte-Welt-1-423x600.jpg 423w, https:\/\/archaeoregion.at\/wp-content\/uploads\/2024\/04\/Einladung-Sonderausstellung_Die-geformte-Welt-1.jpg 564w\" sizes=\"auto, (max-width: 423px) 100vw, 423px\" \/><\/span><div class=\"su-spacer\" style=\"height:30px\"><\/div>\n<div class=\"su-button-center\"><a href=\"https:\/\/archaeoregion.at\/wp-content\/uploads\/2024\/04\/Einladung-Sonderausstellung_Die-geformte-Welt.pdf\" class=\"su-button su-button-style-default\" style=\"color:#FFFFFF;background-color:#787d5d;border-color:#60644b;border-radius:10px\" target=\"_blank\" rel=\"noopener noreferrer\" download=\"https:\/\/archaeoregion.at\/wp-content\/uploads\/2024\/04\/Einladung-Sonderausstellung_Die-geformte-Welt.pdf\"><span style=\"color:#FFFFFF;padding:9px 28px;font-size:21px;line-height:32px;border-color:#a1a48e;border-radius:10px;text-shadow:px 0px 0px #000000\"><i class=\"sui sui-cloud-download\" style=\"font-size:21px;color:#FFFFFF\"><\/i> Download Einladung<small style=\"padding-bottom:9px;color:#FFFFFF\">\u201eDie geformte Welt\u201c<\/small><\/span><\/a><\/div><div class=\"su-spacer\" style=\"height:30px\"><\/div>\n<div class=\"su-spacer\" style=\"height:30px\"><\/div>\n<div class=\"su-heading su-heading-style-default su-heading-align-center\" id=\"\" style=\"font-size:20px;margin-bottom:30px\"><div class=\"su-heading-inner\">\n<strong>Fest der ArchaeoRegion S\u00fcdweststeiermark<\/strong><\/p>\n<p>Am 08.06.2024 von 10 bis 17 Uhr im BESUCHERZENTRUM GROTTENHOFLEIBNITZ<\/div><\/div>\n<span class=\"su-lightbox\" data-mfp-src=\"https:\/\/archaeoregion.at\/wp-content\/uploads\/2024\/03\/SAVE-the-Date_Fest-ArchaeoRegion-2024.jpg\" data-mfp-type=\"image\" data-mobile=\"yes\"><img loading=\"lazy\" decoding=\"async\" class=\"wp-image-2517 size-medium aligncenter\" src=\"https:\/\/archaeoregion.at\/wp-content\/uploads\/2024\/03\/SAVE-the-Date_Fest-ArchaeoRegion-2024-429x600.jpg\" alt=\"\" width=\"429\" height=\"600\" srcset=\"https:\/\/archaeoregion.at\/wp-content\/uploads\/2024\/03\/SAVE-the-Date_Fest-ArchaeoRegion-2024-429x600.jpg 429w, https:\/\/archaeoregion.at\/wp-content\/uploads\/2024\/03\/SAVE-the-Date_Fest-ArchaeoRegion-2024-731x1024.jpg 731w, https:\/\/archaeoregion.at\/wp-content\/uploads\/2024\/03\/SAVE-the-Date_Fest-ArchaeoRegion-2024-768x1075.jpg 768w, https:\/\/archaeoregion.at\/wp-content\/uploads\/2024\/03\/SAVE-the-Date_Fest-ArchaeoRegion-2024-1097x1536.jpg 1097w, https:\/\/archaeoregion.at\/wp-content\/uploads\/2024\/03\/SAVE-the-Date_Fest-ArchaeoRegion-2024.jpg 1200w\" sizes=\"auto, (max-width: 429px) 100vw, 429px\" \/><\/span><div class=\"su-spacer\" style=\"height:30px\"><\/div>\n<div class=\"su-button-center\"><a href=\"https:\/\/archaeoregion.at\/wp-content\/uploads\/2024\/05\/Fest_ArchaeoRegion_Programmheft_24.pdf\" class=\"su-button su-button-style-default\" style=\"color:#FFFFFF;background-color:#787d5d;border-color:#60644b;border-radius:10px\" target=\"_blank\" rel=\"noopener noreferrer\" download=\"https:\/\/archaeoregion.at\/wp-content\/uploads\/2024\/05\/Fest_ArchaeoRegion_Programmheft_24.pdf\"><span style=\"color:#FFFFFF;padding:9px 28px;font-size:21px;line-height:32px;border-color:#a1a48e;border-radius:10px;text-shadow:px 0px 0px #000000\"><i class=\"sui sui-cloud-download\" style=\"font-size:21px;color:#FFFFFF\"><\/i> Download<small style=\"padding-bottom:9px;color:#FFFFFF\">Programmheft 2024<\/small><\/span><\/a><\/div><div class=\"su-spacer\" style=\"height:30px\"><\/div>\n<div class=\"su-heading su-heading-style-default su-heading-align-center\" id=\"\" style=\"font-size:20px;margin-bottom:30px\"><div class=\"su-heading-inner\">01.12.2023 | 18 Uhr<br \/>\nMunicipium Claudium Celeia \u2013 formation and development of a city at the amber route<\/div><\/div>\n<span class=\"su-lightbox\" data-mfp-src=\"https:\/\/archaeoregion.at\/wp-content\/uploads\/2023\/11\/Vortrag-Celeia_Herbst_2023.jpg\" data-mfp-type=\"image\" data-mobile=\"yes\"><img loading=\"lazy\" decoding=\"async\" class=\"aligncenter wp-image-2492 size-medium\" src=\"https:\/\/archaeoregion.at\/wp-content\/uploads\/2023\/11\/Vortrag-Celeia_Herbst_2023-424x600.jpg\" alt=\"\" width=\"424\" height=\"600\" srcset=\"https:\/\/archaeoregion.at\/wp-content\/uploads\/2023\/11\/Vortrag-Celeia_Herbst_2023-424x600.jpg 424w, https:\/\/archaeoregion.at\/wp-content\/uploads\/2023\/11\/Vortrag-Celeia_Herbst_2023-724x1024.jpg 724w, https:\/\/archaeoregion.at\/wp-content\/uploads\/2023\/11\/Vortrag-Celeia_Herbst_2023-768x1087.jpg 768w, https:\/\/archaeoregion.at\/wp-content\/uploads\/2023\/11\/Vortrag-Celeia_Herbst_2023-1085x1536.jpg 1085w, https:\/\/archaeoregion.at\/wp-content\/uploads\/2023\/11\/Vortrag-Celeia_Herbst_2023-1240x1755.jpg 1240w, https:\/\/archaeoregion.at\/wp-content\/uploads\/2023\/11\/Vortrag-Celeia_Herbst_2023.jpg 1272w\" sizes=\"auto, (max-width: 424px) 100vw, 424px\" \/><\/span><div class=\"su-spacer\" style=\"height:30px\"><\/div>\n<div class=\"su-heading su-heading-style-default su-heading-align-center\" id=\"\" style=\"font-size:20px;margin-bottom:30px\"><div class=\"su-heading-inner\">24.11.2023 | 18 Uhr<br \/>\nColonia Claudia Savaria \u2013 das heutige Szombathely im Licht der neuesten Forschungen<\/div><\/div>\n<span class=\"su-lightbox\" data-mfp-src=\"https:\/\/archaeoregion.at\/wp-content\/uploads\/2023\/11\/Herbst_2023.jpg\" data-mfp-type=\"image\" data-mobile=\"yes\"><img loading=\"lazy\" decoding=\"async\" class=\"wp-image-2486 size-medium aligncenter\" src=\"https:\/\/archaeoregion.at\/wp-content\/uploads\/2023\/11\/Herbst_2023-424x600.jpg\" alt=\"\" width=\"424\" height=\"600\" srcset=\"https:\/\/archaeoregion.at\/wp-content\/uploads\/2023\/11\/Herbst_2023-424x600.jpg 424w, https:\/\/archaeoregion.at\/wp-content\/uploads\/2023\/11\/Herbst_2023-724x1024.jpg 724w, https:\/\/archaeoregion.at\/wp-content\/uploads\/2023\/11\/Herbst_2023-768x1087.jpg 768w, https:\/\/archaeoregion.at\/wp-content\/uploads\/2023\/11\/Herbst_2023-1085x1536.jpg 1085w, https:\/\/archaeoregion.at\/wp-content\/uploads\/2023\/11\/Herbst_2023-1240x1755.jpg 1240w, https:\/\/archaeoregion.at\/wp-content\/uploads\/2023\/11\/Herbst_2023.jpg 1272w\" sizes=\"auto, (max-width: 424px) 100vw, 424px\" \/><\/span><div class=\"su-spacer\" style=\"height:30px\"><\/div>\n<div class=\"su-heading su-heading-style-default su-heading-align-center\" id=\"\" style=\"font-size:20px;margin-bottom:30px\"><div class=\"su-heading-inner\">Fest der ArchaeoRegion S\u00fcdweststeiermark \u2013 18.6.2023<\/div><\/div>\n<span class=\"su-lightbox\" data-mfp-src=\"https:\/\/archaeoregion.at\/wp-content\/uploads\/2023\/03\/SAVE-the-Date_Fest-ArchaeoRegion-18.06.2023.png\" data-mfp-type=\"image\" data-mobile=\"yes\"><img loading=\"lazy\" decoding=\"async\" class=\"aligncenter wp-image-2455 size-medium\" src=\"https:\/\/archaeoregion.at\/wp-content\/uploads\/2023\/03\/SAVE-the-Date_Fest-ArchaeoRegion-18.06.2023-428x600.png\" alt=\"\" width=\"428\" height=\"600\" srcset=\"https:\/\/archaeoregion.at\/wp-content\/uploads\/2023\/03\/SAVE-the-Date_Fest-ArchaeoRegion-18.06.2023-428x600.png 428w, https:\/\/archaeoregion.at\/wp-content\/uploads\/2023\/03\/SAVE-the-Date_Fest-ArchaeoRegion-18.06.2023-731x1024.png 731w, https:\/\/archaeoregion.at\/wp-content\/uploads\/2023\/03\/SAVE-the-Date_Fest-ArchaeoRegion-18.06.2023-768x1076.png 768w, https:\/\/archaeoregion.at\/wp-content\/uploads\/2023\/03\/SAVE-the-Date_Fest-ArchaeoRegion-18.06.2023-1097x1536.png 1097w, https:\/\/archaeoregion.at\/wp-content\/uploads\/2023\/03\/SAVE-the-Date_Fest-ArchaeoRegion-18.06.2023-1462x2048.png 1462w, https:\/\/archaeoregion.at\/wp-content\/uploads\/2023\/03\/SAVE-the-Date_Fest-ArchaeoRegion-18.06.2023-1240x1737.png 1240w, https:\/\/archaeoregion.at\/wp-content\/uploads\/2023\/03\/SAVE-the-Date_Fest-ArchaeoRegion-18.06.2023.png 1535w\" sizes=\"auto, (max-width: 428px) 100vw, 428px\" \/><\/span><div class=\"su-spacer\" style=\"height:20px\"><\/div><div class=\"su-button-center\"><a href=\"https:\/\/archaeoregion.at\/wp-content\/uploads\/2023\/06\/Fest-ArchaeoRegion_Programmheft_2023.pdf\" class=\"su-button su-button-style-default\" style=\"color:#FFFFFF;background-color:#787d5d;border-color:#60644b;border-radius:10px\" target=\"_blank\" rel=\"noopener noreferrer\"><span style=\"color:#FFFFFF;padding:9px 28px;font-size:21px;line-height:32px;border-color:#a1a48e;border-radius:10px;text-shadow:px 0px 0px #000000\"><i class=\"sui sui-cloud-download\" style=\"font-size:21px;color:#FFFFFF\"><\/i> <small style=\"padding-bottom:9px;color:#FFFFFF\">Programmheft<\/small><\/span><\/a><\/div><div class=\"su-spacer\" style=\"height:30px\"><\/div>\n<div class=\"su-heading su-heading-style-default su-heading-align-center\" id=\"\" style=\"font-size:20px;margin-bottom:30px\"><div class=\"su-heading-inner\">Vortragsreihe Fr\u00fchjahr 2023<\/div><\/div>\n<span class=\"su-lightbox\" data-mfp-src=\"https:\/\/archaeoregion.at\/wp-content\/uploads\/2023\/03\/Ankuender_Vortragsreihe_2023-scaled.jpg\" data-mfp-type=\"image\" data-mobile=\"yes\"><img loading=\"lazy\" decoding=\"async\" class=\"wp-image-2458 size-medium aligncenter\" src=\"https:\/\/archaeoregion.at\/wp-content\/uploads\/2023\/03\/Ankuender_Vortragsreihe_2023-600x423.jpg\" alt=\"Vortragsreihe Fr\u00fchjahr 2023\" width=\"600\" height=\"423\" srcset=\"https:\/\/archaeoregion.at\/wp-content\/uploads\/2023\/03\/Ankuender_Vortragsreihe_2023-600x423.jpg 600w, https:\/\/archaeoregion.at\/wp-content\/uploads\/2023\/03\/Ankuender_Vortragsreihe_2023-1024x722.jpg 1024w, https:\/\/archaeoregion.at\/wp-content\/uploads\/2023\/03\/Ankuender_Vortragsreihe_2023-768x541.jpg 768w, https:\/\/archaeoregion.at\/wp-content\/uploads\/2023\/03\/Ankuender_Vortragsreihe_2023-1536x1083.jpg 1536w, https:\/\/archaeoregion.at\/wp-content\/uploads\/2023\/03\/Ankuender_Vortragsreihe_2023-2048x1444.jpg 2048w, https:\/\/archaeoregion.at\/wp-content\/uploads\/2023\/03\/Ankuender_Vortragsreihe_2023-1240x874.jpg 1240w\" sizes=\"auto, (max-width: 600px) 100vw, 600px\" \/><br \/>\n<\/span><div class=\"su-spacer\" style=\"height:20px\"><\/div>\n<div class=\"su-heading su-heading-style-default su-heading-align-center\" id=\"\" style=\"font-size:20px;margin-bottom:30px\"><div class=\"su-heading-inner\">Vortragsreihe im Herbst<\/div><\/div>\n<span class=\"su-lightbox\" data-mfp-src=\"https:\/\/archaeoregion.at\/wp-content\/uploads\/2022\/11\/Vortragsreihe-Herbst_2022NEU.jpg\" data-mfp-type=\"image\" data-mobile=\"yes\"><img loading=\"lazy\" decoding=\"async\" class=\"wp-image-2443 size-medium aligncenter\" src=\"https:\/\/archaeoregion.at\/wp-content\/uploads\/2022\/11\/Vortragsreihe-Herbst_2022NEU-426x600.jpg\" alt=\"Vortragsreihe Herbst 2022\" width=\"426\" height=\"600\" srcset=\"https:\/\/archaeoregion.at\/wp-content\/uploads\/2022\/11\/Vortragsreihe-Herbst_2022NEU-426x600.jpg 426w, https:\/\/archaeoregion.at\/wp-content\/uploads\/2022\/11\/Vortragsreihe-Herbst_2022NEU-727x1024.jpg 727w, https:\/\/archaeoregion.at\/wp-content\/uploads\/2022\/11\/Vortragsreihe-Herbst_2022NEU-768x1082.jpg 768w, https:\/\/archaeoregion.at\/wp-content\/uploads\/2022\/11\/Vortragsreihe-Herbst_2022NEU-1091x1536.jpg 1091w, https:\/\/archaeoregion.at\/wp-content\/uploads\/2022\/11\/Vortragsreihe-Herbst_2022NEU-1240x1746.jpg 1240w, https:\/\/archaeoregion.at\/wp-content\/uploads\/2022\/11\/Vortragsreihe-Herbst_2022NEU.jpg 1300w\" sizes=\"auto, (max-width: 426px) 100vw, 426px\" \/><\/span><div class=\"su-spacer\" style=\"height:20px\"><\/div>\n<div class=\"su-heading su-heading-style-default su-heading-align-center\" id=\"\" style=\"font-size:20px;margin-bottom:30px\"><div class=\"su-heading-inner\">Tag des Denkmals \u2013 25.09.2022<\/div><\/div>\n<span class=\"su-lightbox\" data-mfp-src=\"https:\/\/archaeoregion.at\/wp-content\/uploads\/2022\/08\/TdD_2022-09.jpg\" data-mfp-type=\"image\" data-mobile=\"yes\"><img loading=\"lazy\" decoding=\"async\" class=\"aligncenter wp-image-2416 size-large\" src=\"https:\/\/archaeoregion.at\/wp-content\/uploads\/2022\/08\/TdD_2022-09-1024x730.jpg\" alt=\"Tag des Denkmals \u2013 25.09.2022\" width=\"1024\" height=\"730\" srcset=\"https:\/\/archaeoregion.at\/wp-content\/uploads\/2022\/08\/TdD_2022-09-1024x730.jpg 1024w, https:\/\/archaeoregion.at\/wp-content\/uploads\/2022\/08\/TdD_2022-09-600x428.jpg 600w, https:\/\/archaeoregion.at\/wp-content\/uploads\/2022\/08\/TdD_2022-09-768x547.jpg 768w, https:\/\/archaeoregion.at\/wp-content\/uploads\/2022\/08\/TdD_2022-09-1536x1095.jpg 1536w, https:\/\/archaeoregion.at\/wp-content\/uploads\/2022\/08\/TdD_2022-09-1240x884.jpg 1240w, https:\/\/archaeoregion.at\/wp-content\/uploads\/2022\/08\/TdD_2022-09.jpg 1800w\" sizes=\"auto, (max-width: 1024px) 100vw, 1024px\" \/><\/span>\n<div class=\"su-spacer\" style=\"height:20px\"><\/div>\n<p data-wp-editing=\"1\"><div class=\"su-heading su-heading-style-default su-heading-align-center\" id=\"\" style=\"font-size:20px;margin-bottom:30px\"><div class=\"su-heading-inner\">Fest der ArchaeoRegion S\u00fcdweststeiermark \u2013 18.6.2022<\/div><\/div>\n<span class=\"su-lightbox\" data-mfp-src=\"https:\/\/archaeoregion.at\/wp-content\/uploads\/2022\/05\/A4_Fest-der-ArchaeoRegion-2022.jpg\" data-mfp-type=\"image\" data-mobile=\"yes\">\n<div id=\"attachment_2391\" style=\"width: 735px\" class=\"wp-caption aligncenter\"><img loading=\"lazy\" decoding=\"async\" aria-describedby=\"caption-attachment-2391\" class=\"wp-image-2391 size-large\" src=\"https:\/\/archaeoregion.at\/wp-content\/uploads\/2022\/05\/A4_Fest-der-ArchaeoRegion-2022-725x1024.jpg\" alt=\"Fest der ArchaeoRegion S\u00fcdweststeiermark \" width=\"725\" height=\"1024\" srcset=\"https:\/\/archaeoregion.at\/wp-content\/uploads\/2022\/05\/A4_Fest-der-ArchaeoRegion-2022-725x1024.jpg 725w, https:\/\/archaeoregion.at\/wp-content\/uploads\/2022\/05\/A4_Fest-der-ArchaeoRegion-2022-425x600.jpg 425w, https:\/\/archaeoregion.at\/wp-content\/uploads\/2022\/05\/A4_Fest-der-ArchaeoRegion-2022-768x1085.jpg 768w, https:\/\/archaeoregion.at\/wp-content\/uploads\/2022\/05\/A4_Fest-der-ArchaeoRegion-2022.jpg 1062w\" sizes=\"auto, (max-width: 725px) 100vw, 725px\" \/><p id=\"caption-attachment-2391\" class=\"wp-caption-text\">Fest der ArchaeoRegion S\u00fcdweststeiermark<\/p><\/div>\n<p data-wp-editing=\"1\"><\/span><div class=\"su-spacer\" style=\"height:20px\"><\/div>\n<div class=\"su-button-center\"><a href=\"https:\/\/archaeoregion.at\/wp-content\/uploads\/2022\/05\/Fest-ArchaeoRegion_Programmheft.pdf\" class=\"su-button su-button-style-default\" style=\"color:#FFFFFF;background-color:#787d5d;border-color:#60644b;border-radius:10px\" target=\"_blank\" rel=\"noopener noreferrer\"><span style=\"color:#FFFFFF;padding:9px 28px;font-size:21px;line-height:32px;border-color:#a1a48e;border-radius:10px;text-shadow:px 0px 0px #000000\"><i class=\"sui sui-cloud-download\" style=\"font-size:21px;color:#FFFFFF\"><\/i> <small style=\"padding-bottom:9px;color:#FFFFFF\">Programmheft downloaden<\/small><\/span><\/a><\/div>\n<div class=\"su-spacer\" style=\"height:20px\"><\/div>\n<div class=\"su-heading su-heading-style-default su-heading-align-center\" id=\"\" style=\"font-size:20px;margin-bottom:30px\"><div class=\"su-heading-inner\">Vortragsreihe Fr\u00fchjahr 2022<\/div><\/div>\n<span class=\"su-lightbox\" data-mfp-src=\"https:\/\/archaeoregion.at\/wp-content\/uploads\/2022\/03\/Vortragsreihe_2022-scaled.jpg\" data-mfp-type=\"image\" data-mobile=\"yes\"><img loading=\"lazy\" decoding=\"async\" class=\"aligncenter wp-image-2374 size-large\" src=\"https:\/\/archaeoregion.at\/wp-content\/uploads\/2022\/03\/Vortragsreihe_2022-1024x730.jpg\" alt=\"Vortragsreihe Fr\u00fchjahr 2022\" width=\"1024\" height=\"730\" srcset=\"https:\/\/archaeoregion.at\/wp-content\/uploads\/2022\/03\/Vortragsreihe_2022-1024x730.jpg 1024w, https:\/\/archaeoregion.at\/wp-content\/uploads\/2022\/03\/Vortragsreihe_2022-600x428.jpg 600w, https:\/\/archaeoregion.at\/wp-content\/uploads\/2022\/03\/Vortragsreihe_2022-768x548.jpg 768w, https:\/\/archaeoregion.at\/wp-content\/uploads\/2022\/03\/Vortragsreihe_2022-1536x1095.jpg 1536w, https:\/\/archaeoregion.at\/wp-content\/uploads\/2022\/03\/Vortragsreihe_2022-2048x1460.jpg 2048w, https:\/\/archaeoregion.at\/wp-content\/uploads\/2022\/03\/Vortragsreihe_2022-1240x884.jpg 1240w\" sizes=\"auto, (max-width: 1024px) 100vw, 1024px\" \/><\/span>\n<div class=\"su-spacer\" style=\"height:20px\"><\/div>\n<div class=\"su-button-center\"><a href=\"https:\/\/archaeoregion.at\/wp-content\/uploads\/2022\/03\/Abgedeckt-Aufgedeckt-Fruehjahr-2022.pdf\" class=\"su-button su-button-style-default\" style=\"color:#FFFFFF;background-color:#787d5d;border-color:#60644b;border-radius:10px\" target=\"_blank\" rel=\"noopener noreferrer\"><span style=\"color:#FFFFFF;padding:9px 28px;font-size:21px;line-height:32px;border-color:#a1a48e;border-radius:10px;text-shadow:px 0px 0px #000000\"><i class=\"sui sui-cloud-download\" style=\"font-size:21px;color:#FFFFFF\"><\/i> <small style=\"padding-bottom:9px;color:#FFFFFF\">Beschreibung zu den Vortr\u00e4gen<\/small><\/span><\/a><\/div>\n<div class=\"su-spacer\" style=\"height:20px\"><\/div>\n<div class=\"su-heading su-heading-style-default su-heading-align-center\" id=\"\" style=\"font-size:20px;margin-bottom:30px\"><div class=\"su-heading-inner\">Termine 2021 \u2013 Vortragsreihe der \u201eArchaeoregion S\u00fcdweststeiermark\u201c<\/div><\/div>\n<span class=\"su-lightbox\" data-mfp-src=\"https:\/\/archaeoregion.at\/wp-content\/uploads\/2021\/12\/Vortragsreihen-2021-3.jpg\" data-mfp-type=\"image\" data-mobile=\"yes\"><img loading=\"lazy\" decoding=\"async\" class=\"aligncenter wp-image-2322 size-large\" src=\"https:\/\/archaeoregion.at\/wp-content\/uploads\/2021\/12\/Vortragsreihen-2021-3-1024x730.jpg\" alt=\"Vortragsreihen 2021\" width=\"1024\" height=\"730\" srcset=\"https:\/\/archaeoregion.at\/wp-content\/uploads\/2021\/12\/Vortragsreihen-2021-3-1024x730.jpg 1024w, https:\/\/archaeoregion.at\/wp-content\/uploads\/2021\/12\/Vortragsreihen-2021-3-600x428.jpg 600w, https:\/\/archaeoregion.at\/wp-content\/uploads\/2021\/12\/Vortragsreihen-2021-3-768x548.jpg 768w, https:\/\/archaeoregion.at\/wp-content\/uploads\/2021\/12\/Vortragsreihen-2021-3-1536x1096.jpg 1536w, https:\/\/archaeoregion.at\/wp-content\/uploads\/2021\/12\/Vortragsreihen-2021-3-1240x885.jpg 1240w, https:\/\/archaeoregion.at\/wp-content\/uploads\/2021\/12\/Vortragsreihen-2021-3.jpg 1800w\" sizes=\"auto, (max-width: 1024px) 100vw, 1024px\" \/><\/span><div class=\"su-spacer\" style=\"height:20px\"><\/div>\n<div class=\"su-spacer\" style=\"height:50px\"><\/div><div class=\"su-heading su-heading-style-default su-heading-align-center\" id=\"\" style=\"font-size:20px;margin-bottom:30px\"><div class=\"su-heading-inner\">Videos \u2013 Vortragsreihe der \u201eArchaeoregion S\u00fcdweststeiermark\u201c<\/div><\/div>\n<div class=\"su-row\"><div class=\"su-column su-column-size-1-2\"><div class=\"su-column-inner su-u-clearfix su-u-trim\"><div class=\"su-youtube su-u-responsive-media-yes\"> <div class=\"brlbs-cmpnt-container brlbs-cmpnt-content-blocker brlbs-cmpnt-with-individual-styles\" data-borlabs-cookie-content-blocker-id=\"youtube-content-blocker\" data-borlabs-cookie-content=\"PGlmcmFtZSBsb2FkaW5nPSJsYXp5IiB3aWR0aD0iNjAwIiBoZWlnaHQ9IjQwMCIgc3JjPSJodHRwczovL3d3dy55b3V0dWJlLW5vY29va2llLmNvbS9lbWJlZC9qSlI3Uy1ucVhORT8iIGZyYW1lYm9yZGVyPSIwIiBhbGxvd2Z1bGxzY3JlZW4gYWxsb3c9ImF1dG9wbGF5OyBlbmNyeXB0ZWQtbWVkaWE7IHBpY3R1cmUtaW4tcGljdHVyZSIgdGl0bGU9IkbDvHJzdGVuZ3LDpGJlciBkZXIgU3VsbXRhbG5la3JvcG9sZSB1bmQgZGVyIEJ1cmdzdGFsbGtvZ2VsIHZvbiBHcm\/Dn2tsZWluIj48L2lmcmFtZT4=\"><div class=\"brlbs-cmpnt-cb-preset-c brlbs-cmpnt-cb-youtube\"> <div class=\"brlbs-cmpnt-cb-thumbnail\" style=\"background-image: url('https:\/\/archaeoregion.at\/wp-content\/uploads\/borlabs-cookie\/1\/yt_jJR7S-nqXNE_hqdefault.jpg')\"><\/div> <div class=\"brlbs-cmpnt-cb-main\"> <div class=\"brlbs-cmpnt-cb-play-button\"><\/div> <div class=\"brlbs-cmpnt-cb-content\"> <p class=\"brlbs-cmpnt-cb-description\">You are currently viewing a placeholder content from <strong>YouTube<\/strong>. To access the actual content, click the button below. Please note that doing so will share data with third-party providers.<\/p> <a class=\"brlbs-cmpnt-cb-provider-toggle\" href=\"#\" data-borlabs-cookie-show-provider-information role=\"button\">More Information<\/a> <\/div> <div class=\"brlbs-cmpnt-cb-buttons\"> <a class=\"brlbs-cmpnt-cb-btn\" href=\"#\" data-borlabs-cookie-unblock role=\"button\">Unblock content<\/a> <a class=\"brlbs-cmpnt-cb-btn\" href=\"#\" data-borlabs-cookie-accept-service role=\"button\" style=\"display: inherit\">Accept required service and unblock content<\/a> <\/div> <\/div> <\/div><\/div><\/div><\/div><\/div> <div class=\"su-column su-column-size-1-2\"><div class=\"su-column-inner su-u-clearfix su-u-trim\"><div class=\"su-youtube su-u-responsive-media-yes\"> <div class=\"brlbs-cmpnt-container brlbs-cmpnt-content-blocker brlbs-cmpnt-with-individual-styles\" data-borlabs-cookie-content-blocker-id=\"youtube-content-blocker\" data-borlabs-cookie-content=\"PGlmcmFtZSBsb2FkaW5nPSJsYXp5IiB3aWR0aD0iNjAwIiBoZWlnaHQ9IjQwMCIgc3JjPSJodHRwczovL3d3dy55b3V0dWJlLW5vY29va2llLmNvbS9lbWJlZC9SUmVOOXVQR0RoMD8iIGZyYW1lYm9yZGVyPSIwIiBhbGxvd2Z1bGxzY3JlZW4gYWxsb3c9ImF1dG9wbGF5OyBlbmNyeXB0ZWQtbWVkaWE7IHBpY3R1cmUtaW4tcGljdHVyZSIgdGl0bGU9IkRlbmttYWxzY2h1dHogaW4gZGVyIFN0ZWllcm1hcmsiPjwvaWZyYW1lPg==\"><div class=\"brlbs-cmpnt-cb-preset-c brlbs-cmpnt-cb-youtube\"> <div class=\"brlbs-cmpnt-cb-thumbnail\" style=\"background-image: url('https:\/\/archaeoregion.at\/wp-content\/uploads\/borlabs-cookie\/1\/yt_RReN9uPGDh0_hqdefault.jpg')\"><\/div> <div class=\"brlbs-cmpnt-cb-main\"> <div class=\"brlbs-cmpnt-cb-play-button\"><\/div> <div class=\"brlbs-cmpnt-cb-content\"> <p class=\"brlbs-cmpnt-cb-description\">You are currently viewing a placeholder content from <strong>YouTube<\/strong>. To access the actual content, click the button below. Please note that doing so will share data with third-party providers.<\/p> <a class=\"brlbs-cmpnt-cb-provider-toggle\" href=\"#\" data-borlabs-cookie-show-provider-information role=\"button\">More Information<\/a> <\/div> <div class=\"brlbs-cmpnt-cb-buttons\"> <a class=\"brlbs-cmpnt-cb-btn\" href=\"#\" data-borlabs-cookie-unblock role=\"button\">Unblock content<\/a> <a class=\"brlbs-cmpnt-cb-btn\" href=\"#\" data-borlabs-cookie-accept-service role=\"button\" style=\"display: inherit\">Accept required service and unblock content<\/a> <\/div> <\/div> <\/div><\/div><\/div><\/div><\/div><\/div>\n","protected":false},"excerpt":{"rendered":"<p>Die in der S\u00fcdweststeiermark t\u00e4tigen arch\u00e4ologischen Initiativen und\u00a0Einrichtungen haben sich 2019 zur \u201eArchaeoRegion S\u00fcdweststeiermark\u201c zusammengeschlossen und pr\u00e4sentieren sich und die wichtigsten arch\u00e4ologischen Fundstellen gemeinsam. Seit 2022 besch\u00e4ftigt sich die Region zus\u00e4tzlich mit der Aufarbeitung des&#8230;<\/p>\n","protected":false},"author":3,"featured_media":0,"parent":0,"menu_order":0,"comment_status":"closed","ping_status":"closed","template":"","meta":{"footnotes":""},"class_list":["post-2292","page","type-page","status-publish","hentry"],"_links":{"self":[{"href":"https:\/\/archaeoregion.at\/en\/wp-json\/wp\/v2\/pages\/2292","targetHints":{"allow":["GET"]}}],"collection":[{"href":"https:\/\/archaeoregion.at\/en\/wp-json\/wp\/v2\/pages"}],"about":[{"href":"https:\/\/archaeoregion.at\/en\/wp-json\/wp\/v2\/types\/page"}],"author":[{"embeddable":true,"href":"https:\/\/archaeoregion.at\/en\/wp-json\/wp\/v2\/users\/3"}],"replies":[{"embeddable":true,"href":"https:\/\/archaeoregion.at\/en\/wp-json\/wp\/v2\/comments?post=2292"}],"version-history":[{"count":40,"href":"https:\/\/archaeoregion.at\/en\/wp-json\/wp\/v2\/pages\/2292\/revisions"}],"predecessor-version":[{"id":2813,"href":"https:\/\/archaeoregion.at\/en\/wp-json\/wp\/v2\/pages\/2292\/revisions\/2813"}],"wp:attachment":[{"href":"https:\/\/archaeoregion.at\/en\/wp-json\/wp\/v2\/media?parent=2292"}],"curies":[{"name":"wp","href":"https:\/\/api.w.org\/{rel}","templated":true}]}}